{"id":10761,"date":"2022-10-19T12:41:18","date_gmt":"2022-10-19T16:41:18","guid":{"rendered":"https:\/\/cybersavoir4.cssdm.gouv.qc.ca\/bibliotheque\/?page_id=10761"},"modified":"2025-05-07T14:58:25","modified_gmt":"2025-05-07T18:58:25","slug":"outils-pratiques","status":"publish","type":"page","link":"https:\/\/cybersavoir4.cssdm.gouv.qc.ca\/bibliotheque\/outils-pratiques\/","title":{"rendered":"Outils pratiques"},"content":{"rendered":"\n<div class=\"wp-block-columns alignwide is-layout-flex wp-container-core-columns-is-layout-1 wp-block-columns-is-layout-flex\">\n<div class=\"wp-block-column is-layout-flow wp-block-column-is-layout-flow\">\n<p>Organisation de la biblioth\u00e8que !<\/p>\n\n\n\n<ul class=\"wp-block-list\">\n<li class=\"has-link-color wp-elements-88de78f2b3710410d0db91a85f1d1b9e\">Pour les \u00e9l\u00e8ves :&nbsp;<a href=\"https:\/\/cybersavoir4.cssdm.gouv.qc.ca\/bibliotheque\/comment-se-reperer-et-chercher-des-titres-a-la-bibliotheque\/\">comment se rep\u00e9rer et chercher des titres \u00e0 la biblioth\u00e8que<\/a><\/li>\n<\/ul>\n\n\n\n<p><strong>Outils pratiques<\/strong><\/p>\n\n\n\n<ul class=\"wp-block-list\">\n<li class=\"has-link-color wp-elements-84ad72f349714d47f6018266a99ae948\"><a href=\"https:\/\/cybersavoir4.cssdm.gouv.qc.ca\/bibliotheque\/wp-content\/uploads\/sites\/2\/2021\/02\/TABLEAU-DES-OPERATIONS.pdf\" target=\"_blank\" rel=\"noreferrer noopener\">Tableau des op\u00e9rations annuelles<\/a><\/li>\n\n\n\n<li class=\"has-link-color wp-elements-e8b46a122ac30bb6202188fa980a230e\"><a href=\"https:\/\/cybersavoir4.cssdm.gouv.qc.ca\/bibliotheque\/wp-content\/uploads\/sites\/2\/2021\/02\/OUVERTURE-DE-LA-BIBLIOTHEQUE.pdf\" target=\"_blank\" rel=\"noreferrer noopener\">Ouverture de la biblioth\u00e8que<\/a><\/li>\n\n\n\n<li class=\"has-link-color wp-elements-0251b6fc6346cdc693e2de9fce75d75e\"><a href=\"https:\/\/cybersavoir4.cssdm.gouv.qc.ca\/bibliotheque\/wp-content\/uploads\/sites\/2\/2021\/02\/FERMETURE_BIBLIOTHEQUE.pdf\" target=\"_blank\" rel=\"noreferrer noopener\">Fermeture de la biblioth\u00e8que<\/a><\/li>\n\n\n\n<li class=\"has-link-color wp-elements-e5c4792d5bd5cad6921a8cfa679c0e13\"><a href=\"https:\/\/cybersavoir4.cssdm.gouv.qc.ca\/bibliotheque\/logiciel-regard\/\">Utilisation du logiciel Regard&nbsp;<\/a><\/li>\n\n\n\n<li class=\"has-link-color wp-elements-4f1aed7fb41ca96a7e7dc839bf094ed0\"><a href=\"https:\/\/regard.csdm.qc.ca\/Primaire\/Pages\/Front\/Accueil\/Accueil.aspx#lisucc\" target=\"_blank\" rel=\"noreferrer noopener\">Catalogue de la biblioth\u00e8que (Regard web)<\/a><\/li>\n\n\n\n<li class=\"has-link-color wp-elements-752ddfb8bc8e9c228455ed61cc3e2acf\"><a href=\"https:\/\/cybersavoir4.cssdm.gouv.qc.ca\/bibliotheque\/traitement-des-documents\/\">Traitement des nouveaut\u00e9s<\/a><\/li>\n\n\n\n<li class=\"has-link-color wp-elements-7e4cbea67a37223a40482f8b435a2eab\"><a href=\"http:\/\/cybersavoir4.cssdm.gouv.qc.ca\/bibliotheque\/wp-content\/uploads\/sites\/2\/2015\/03\/affiche2.pdf\" target=\"_blank\" rel=\"noreferrer noopener\">Code de vie \u00e0 la biblioth\u00e8que<\/a>&nbsp;(affiche)<\/li>\n\n\n\n<li class=\"has-link-color wp-elements-ecb8a52dd71956b1313d8641940983b1\"><a href=\"https:\/\/cybersavoir4.cssdm.gouv.qc.ca\/bibliotheque\/wp-content\/uploads\/sites\/2\/2017\/07\/Affiche_benevoles.docx\" target=\"_blank\" rel=\"noreferrer noopener\">Affiche \u00ab\u00a0Je deviens b\u00e9n\u00e9vole\u00a0\u00bb<\/a><\/li>\n\n\n\n<li class=\"has-link-color wp-elements-e3aa5912f067e837270e16d33b4afd8e\"><a href=\"https:\/\/csdma-my.sharepoint.com\/:b:\/g\/personal\/cheriaf_r_csdm_qc_ca\/EclncTw-LSJGkBslEWGVaJ8B0y2HahCO_pjdImZMQBKTyA?e=ok9hvb\" target=\"_blank\" rel=\"noreferrer noopener\">Affiche&nbsp;pour le primaire&nbsp;\u00a0\u00bb&nbsp;Pourquoi est-ce g\u00e9nial de lire ? \u00a0\u00bb&nbsp;<\/a><\/li>\n\n\n\n<li class=\"has-link-color wp-elements-013c77b616e3b9837c6b3113713653eb\"><a href=\"https:\/\/csdma-my.sharepoint.com\/:b:\/g\/personal\/cheriaf_r_csdm_qc_ca\/EcR6HOHvqbJEl0XoVW7NlkQBDZpp6OXoWc99z7KWtJQ6Ww?e=6NjU9Y\" target=\"_blank\" rel=\"noreferrer noopener\">Affiche pour le secondaire \u00a0\u00bb&nbsp;Pourquoi c&rsquo;est g\u00e9nial de lire des livres ? \u00ab\u00a0<\/a><\/li>\n<\/ul>\n<\/div>\n<\/div>\n\n\n\n<div class=\"wp-block-columns alignwide is-layout-flex wp-container-core-columns-is-layout-2 wp-block-columns-is-layout-flex\">\n<div class=\"wp-block-column is-layout-flow wp-block-column-is-layout-flow\">\n<p><strong>Outils de rep\u00e9rage<\/strong><\/p>\n\n\n\n<h4 class=\"wp-block-heading has-small-font-size\"><em><strong>Cadre de classement: les types de documents et les sections<\/strong><\/em><\/h4>\n\n\n\n<ul class=\"wp-block-list\">\n<li class=\"has-link-color wp-elements-84f85a237b5d3ee5e98c0302695c68e8\"><a href=\"https:\/\/cybersavoir4.cssdm.gouv.qc.ca\/bibliotheque\/wp-content\/uploads\/sites\/2\/2018\/03\/Primaire-Affiche_Cadre-de-classement-couleur-petit-format-8X11_V2.pdf\" target=\"_blank\" rel=\"noreferrer noopener\">Cadre de classement&nbsp; du primaire&nbsp;couleur petit format (8X11)<\/a><\/li>\n\n\n\n<li class=\"has-link-color wp-elements-d4f0d1c5a78087657c087ecf82ca36d8\"><a href=\"https:\/\/cybersavoir4.cssdm.gouv.qc.ca\/bibliotheque\/wp-content\/uploads\/sites\/2\/2018\/03\/Primaire-Affiche_Cadre-de-classement-couleur-grand-format-11X17_V3.pdf\" target=\"_blank\" rel=\"noreferrer noopener\">Cadre de classement du primaire couleur grand format (11X17)<\/a><\/li>\n\n\n\n<li class=\"has-link-color wp-elements-83a5b271a00ec84c3bf01eec017a96d6\"><a href=\"http:\/\/bibliotheques.csdm.qc.ca\/files\/2015\/03\/Secondaire-Affiche_Cadre-de-classement-couleur-petit-format-lettre.pdf\" target=\"_blank\" rel=\"noreferrer noopener\">Cadre de classement du secondaire (petit format)<\/a><\/li>\n\n\n\n<li class=\"has-link-color wp-elements-97d280418264c3352ab483b4f48edc7d\"><a href=\"http:\/\/cybersavoir4.cssdm.gouv.qc.ca\/bibliotheque\/wp-content\/uploads\/sites\/2\/2015\/03\/Secondaire-Affiche_Cadre-de-classement-couleur-grand-format-11-17-pouces.pdf\" target=\"_blank\" rel=\"noreferrer noopener\">Cadre de classement du secondaire (grand format)<\/a><\/li>\n<\/ul>\n\n\n\n<h4 class=\"wp-block-heading has-small-font-size\"><em><strong>Signalisation<\/strong><\/em><\/h4>\n\n\n\n<ul class=\"wp-block-list\">\n<li class=\"has-link-color wp-elements-fee86f469c9902b0943deb084af35dc5\"><a href=\"https:\/\/cybersavoir4.cssdm.gouv.qc.ca\/bibliotheque\/wp-content\/uploads\/sites\/2\/2020\/08\/Guide-de-signalisation_CSDM.pdf\" target=\"_blank\" rel=\"noreferrer noopener\">Guide de signalisation _Biblioth\u00e8que primaire_CSSDM<\/a>&nbsp;<em>(exemple \u00e0 adapter selon le milieu et la pr\u00e9cision voulue)<\/em><\/li>\n\n\n\n<li class=\"has-link-color wp-elements-19108e3701c2f71e9ba161166f83d114\"><a href=\"http:\/\/cybersavoir4.cssdm.gouv.qc.ca\/bibliotheque\/wp-content\/uploads\/sites\/2\/2024\/04\/Affichettes_Dewey.pdf\" target=\"_blank\" rel=\"noreferrer noopener\">Affichettes Dewey<\/a><\/li>\n\n\n\n<li class=\"has-link-color wp-elements-ba163a28115268ceda1274742e2bc8fd\"><a href=\"http:\/\/cybersavoir4.cssdm.gouv.qc.ca\/bibliotheque\/wp-content\/uploads\/sites\/2\/2024\/04\/Affichettes_Types.doc_Integres.pdf\" target=\"_blank\" rel=\"noreferrer noopener\">Affichettes &#8211; Types de doc int\u00e9gr\u00e9s<\/a><\/li>\n\n\n\n<li class=\"has-link-color wp-elements-8cb0e11351ccae7e41498f151997f51e\"><a href=\"http:\/\/cybersavoir4.cssdm.gouv.qc.ca\/bibliotheque\/wp-content\/uploads\/sites\/2\/2024\/04\/Affichettes_Types.doc_Non-integres.pdf\" target=\"_blank\" rel=\"noreferrer noopener\">Affichettes &#8211; Types de doc non int\u00e9gr\u00e9s<\/a><\/li>\n\n\n\n<li class=\"has-link-color wp-elements-e7c6e1fbc3018f201735ee77bb4f45b2\"><a href=\"https:\/\/cybersavoir4.cssdm.gouv.qc.ca\/bibliotheque\/wp-content\/uploads\/sites\/2\/2024\/04\/Affichettes_Organisation_Biblio.pdf\" target=\"_blank\" rel=\"noreferrer noopener\">Affichettes &#8211; Organisation biblio<\/a><\/li>\n\n\n\n<li class=\"has-link-color wp-elements-ea484ada4b4dc8f672edc551396b41fd\"><a href=\"https:\/\/cybersavoir4.cssdm.gouv.qc.ca\/bibliotheque\/wp-content\/uploads\/sites\/2\/2020\/03\/Pictogrammes_Cartes-Dewey.pdf\" target=\"_blank\" rel=\"noreferrer noopener\">Pictogrammes_Cartes Dewey<\/a><\/li>\n<\/ul>\n\n\n\n<h4 class=\"wp-block-heading has-small-font-size\"><em><strong>Affiches sur la classification Dewey<\/strong><\/em><\/h4>\n\n\n\n<ul class=\"wp-block-list\">\n<li class=\"has-link-color wp-elements-ea468feca50f0f9bf222aedd1ea93998\"><a href=\"http:\/\/cdeacf.ca\/sites\/default\/files\/editor\/affiche_dewey_21.03.12.pdf\" target=\"_blank\" rel=\"noreferrer noopener\">Dans ma biblio, il y a tout ce qu&rsquo;il me faut!&nbsp;<\/a>&nbsp;(affiche Dewey pour le secondaire)<\/li>\n\n\n\n<li class=\"has-link-color wp-elements-33bcc098de318aa4f790092152408256\"><a href=\"https:\/\/cybersavoir4.cssdm.gouv.qc.ca\/bibliotheque\/wp-content\/uploads\/sites\/2\/2023\/04\/Affiche-Dewey_Jeunesse_Dans-ma-biblio-il-y-a_v.6_Avril-2023.pdf\" target=\"_blank\" rel=\"noreferrer noopener\">Affiche Dewey_Jeunesse_Dans ma biblio il y a&#8230;<\/a>&nbsp;&nbsp; (affiche Dewey pour le primaire \/ section des grands)<\/li>\n\n\n\n<li class=\"has-link-color wp-elements-17f5c19dbeece07c5b69b1d3c3ea1f63\"><a href=\"https:\/\/cybersavoir4.cssdm.gouv.qc.ca\/bibliotheque\/wp-content\/uploads\/sites\/2\/2023\/04\/Affiche-Dewey_Petits_Curieux-de-A-a-Z_Avril-2023.pdf\" target=\"_blank\" rel=\"noreferrer noopener\">Affiche Dewey_Petits_Curieux de A \u00e0 Z_<\/a>(affiche Dewey pour le primaire \/ section des petits)<\/li>\n<\/ul>\n\n\n\n<p><strong>R\u00f4les<\/strong><\/p>\n\n\n\n<ul class=\"wp-block-list\">\n<li class=\"has-link-color wp-elements-351895c8a0621eeccd9982509595911c\"><a href=\"https:\/\/cybersavoir4.cssdm.gouv.qc.ca\/bibliotheque\/wp-content\/uploads\/sites\/2\/2017\/07\/Roles_intervenants_bibliotheque-1.pdf\" target=\"_blank\" rel=\"noreferrer noopener\">R\u00f4le des intervenants \u00e0 la biblioth\u00e8que<\/a><\/li>\n<\/ul>\n\n\n\n<p><strong>Pistes d&rsquo;exploitation<\/strong>&nbsp;(expositions th\u00e9matiques, p\u00e9riode de biblioth\u00e8que)<\/p>\n\n\n\n<ul class=\"wp-block-list\">\n<li class=\"has-link-color wp-elements-07dce70e9be24ba858d2810da45f2783\"><a href=\"http:\/\/cybersavoir4.cssdm.gouv.qc.ca\/bibliotheque\/wp-content\/uploads\/sites\/2\/2015\/03\/Pour-aller-plus-loin.pdf\" target=\"_blank\" rel=\"noreferrer noopener\">Pistes d\u2019exploitation de la biblioth\u00e8que scolaire<\/a><\/li>\n\n\n\n<li class=\"has-link-color wp-elements-ddde56144690e6aa2a525efb4fe0bc54\"><a href=\"https:\/\/cybersavoir4.cssdm.gouv.qc.ca\/bibliotheque\/wp-content\/uploads\/sites\/2\/2017\/07\/Guide_anim_biblio_activites.pdf\" target=\"_blank\" rel=\"noreferrer noopener\">Guide_d&rsquo;animations_et d&rsquo;activit\u00e9s en biblioth\u00e8que<\/a><\/li>\n\n\n\n<li class=\"has-link-color wp-elements-5c6bfd6650ba911e37c32759f4316ad2\"><a href=\"https:\/\/cybersavoir4.cssdm.gouv.qc.ca\/bibliotheque\/wp-content\/uploads\/sites\/2\/2018\/08\/Calendrier-des-evenements.pdf\" target=\"_blank\" rel=\"noreferrer noopener\">Calendrier des \u00e9v\u00e9nements<\/a><\/li>\n<\/ul>\n<\/div>\n<\/div>\n\n\n\n<div class=\"wp-block-columns alignwide is-layout-flex wp-container-core-columns-is-layout-3 wp-block-columns-is-layout-flex\">\n<div class=\"wp-block-column is-layout-flow wp-block-column-is-layout-flow\">\n<p><strong>Formations<\/strong><\/p>\n\n\n\n<p>Voir les formations offertes aux parents b\u00e9n\u00e9voles, aux \u00e9l\u00e8ves et aux \u00e9quipes \u00e9coles sous l&rsquo;onglet \u00ab\u00a0<a href=\"https:\/\/bibliotheques.csdm.qc.ca\/category\/formations\/\" target=\"_blank\" rel=\"noreferrer noopener\">Formations<\/a>\u00ab\u00a0<\/p>\n\n\n\n<p><strong>Comit\u00e9 biblioth\u00e8que<\/strong><\/p>\n\n\n\n<ul class=\"wp-block-list\">\n<li class=\"has-link-color wp-elements-39fad1d8949344ccdfb215339fb0d210\">Qu&rsquo;est ce qu&rsquo;un&nbsp;<a href=\"http:\/\/cybersavoir4.cssdm.gouv.qc.ca\/bibliotheque\/wp-content\/uploads\/sites\/2\/2015\/03\/COMITE-BIBLIOTHEQUE.pdf\" target=\"_blank\" rel=\"noreferrer noopener\">Comit\u00e9 biblioth\u00e8que<\/a>?<\/li>\n\n\n\n<li class=\"has-link-color wp-elements-b5d1a3f21c78f808220618aa3671b281\"><a href=\"https:\/\/cybersavoir4.cssdm.gouv.qc.ca\/bibliotheque\/wp-content\/uploads\/sites\/2\/2023\/03\/AFFICHE-MEMBRES-COMITE-BIBLIOTHEQUE.pdf\" target=\"_blank\" rel=\"noreferrer noopener\">AFFICHE<\/a>&nbsp;de recrutement pour des membres du Comit\u00e9 biblioth\u00e8que<\/li>\n\n\n\n<li class=\"has-link-color wp-elements-7d6fea2f731d37292b0f4fe7e07b66ed\"><a href=\"http:\/\/cybersavoir4.cssdm.gouv.qc.ca\/bibliotheque\/wp-content\/uploads\/sites\/2\/2015\/03\/Rencontres-comite.pdf\" target=\"_blank\" rel=\"noreferrer noopener\">Planification des rencontres du comit\u00e9<\/a>&nbsp;(exemple)<\/li>\n\n\n\n<li class=\"has-link-color wp-elements-96ea2cbd7d1698c5f6cedd3cfa809e29\"><a href=\"https:\/\/cybersavoir4.cssdm.gouv.qc.ca\/bibliotheque\/wp-content\/uploads\/sites\/2\/2023\/03\/Plan-de-developpement.pdf\" target=\"_blank\" rel=\"noreferrer noopener\">Plan de d\u00e9veloppement<\/a>&nbsp;(mod\u00e8le)<\/li>\n<\/ul>\n\n\n\n<p><strong>Ressources au sujet de la biblioth\u00e8que scolaire au Qu\u00e9bec&nbsp;<\/strong><\/p>\n\n\n\n<ul class=\"wp-block-list\">\n<li class=\"has-link-color wp-elements-5f6c9c58ae03dc59e9811c29eb82fe47\"><a href=\"https:\/\/cybersavoir4.cssdm.gouv.qc.ca\/bibliotheque\/wp-content\/uploads\/sites\/2\/2017\/07\/Memoire-APSDS-Strategie-numerique-2017.pdf\" target=\"_blank\" rel=\"noreferrer noopener\">M\u00e9moire APSDS &#8211; Strat\u00e9gie num\u00e9rique 2017<\/a><\/li>\n\n\n\n<li class=\"has-link-color wp-elements-c56fd52afb068c030d8e0ff738ab54b5\"><a href=\"https:\/\/cybersavoir4.cssdm.gouv.qc.ca\/bibliotheque\/wp-content\/uploads\/sites\/2\/2017\/07\/La-bibliotheque-scolaire-du-XXIe-siecle-Un-modele-en-4-axes.pdf\" target=\"_blank\" rel=\"noreferrer noopener\">La biblioth\u00e8que scolaire du XXIe si\u00e8cle &#8211; Un mod\u00e8le en 4 axes<\/a><\/li>\n\n\n\n<li class=\"has-link-color wp-elements-923557b02fbcb452e527887ad028eda1\"><a href=\"https:\/\/cybersavoir4.cssdm.gouv.qc.ca\/bibliotheque\/wp-content\/uploads\/sites\/2\/2017\/07\/Version-courte_modele4axes_argus.pdf\" target=\"_blank\" rel=\"noreferrer noopener\">Version courte &#8211; mod\u00e8le en 4 axes de la biblioth\u00e8que scolaire<\/a><\/li>\n<\/ul>\n<\/div>\n<\/div>\n\n\n\n<div class=\"wp-block-columns alignwide is-layout-flex wp-container-core-columns-is-layout-4 wp-block-columns-is-layout-flex\">\n<div class=\"wp-block-column is-layout-flow wp-block-column-is-layout-flow\" style=\"flex-basis:100%\">\n<p style=\"line-height:1.8\">Un bel exemple de l&rsquo;application du mod\u00e8le en 4 axes : la biblioth\u00e8que scolaire de l&rsquo;\u00e9cole Cardinal-L\u00e9ger de la CSP\u00ce. Nous vous invitons \u00e9galement \u00e0 visiter la page Carrefour d&rsquo;apprentissage du blogue pour savoir comment transformer la biblioth\u00e8que de votre \u00e9cole. Vous pouvez aussi contacter l&rsquo;\u00e9quipe de biblioth\u00e9caires.<\/p>\n<\/div>\n<\/div>\n\n\n\n<div class=\"wp-block-columns alignwide is-layout-flex wp-container-core-columns-is-layout-5 wp-block-columns-is-layout-flex\">\n<div class=\"wp-block-column is-layout-flow wp-block-column-is-layout-flow\">\n<figure class=\"wp-block-embed is-type-video is-provider-youtube wp-block-embed-youtube wp-embed-aspect-16-9 wp-has-aspect-ratio\"><div class=\"wp-block-embed__wrapper\">\n<iframe loading=\"lazy\" title=\"La biblioth\u00e8que scolaire du XXIe si\u00e8cle\" width=\"500\" height=\"281\" src=\"https:\/\/www.youtube.com\/embed\/s1A0LFBr5BE?feature=oembed\" frameborder=\"0\" allow=\"accelerometer; autoplay; clipboard-write; encrypted-media; gyroscope; picture-in-picture; web-share\" referrerpolicy=\"strict-origin-when-cross-origin\" allowfullscreen><\/iframe>\n<\/div><\/figure>\n<\/div>\n\n\n\n<div class=\"wp-block-column is-layout-flow wp-block-column-is-layout-flow\"><\/div>\n<\/div>\n\n\n\n<div style=\"height:50px\" aria-hidden=\"true\" class=\"wp-block-spacer\"><\/div>\n\n\n\n<div class=\"wp-block-columns alignwide is-layout-flex wp-container-core-columns-is-layout-6 wp-block-columns-is-layout-flex\">\n<div class=\"wp-block-column is-layout-flow wp-block-column-is-layout-flow\" style=\"flex-basis:100%\">\n<p>Pour une compl\u00e9mentarit\u00e9 entre la biblioth\u00e8que scolaire et la biblioth\u00e8que de classe : les&nbsp; pratiques gagnantes instaur\u00e9es \u00e0 la Commission scolaire de la Capitale.<\/p>\n<\/div>\n<\/div>\n\n\n\n<div class=\"wp-block-columns alignwide is-layout-flex wp-container-core-columns-is-layout-7 wp-block-columns-is-layout-flex\">\n<div class=\"wp-block-column is-layout-flow wp-block-column-is-layout-flow\">\n<figure class=\"wp-block-embed is-type-video is-provider-youtube wp-block-embed-youtube wp-embed-aspect-16-9 wp-has-aspect-ratio\"><div class=\"wp-block-embed__wrapper\">\n<iframe loading=\"lazy\" title=\"Compl\u00e9mentarit\u00e9\" width=\"500\" height=\"281\" src=\"https:\/\/www.youtube.com\/embed\/0adH4o3SoYs?feature=oembed\" frameborder=\"0\" allow=\"accelerometer; autoplay; clipboard-write; encrypted-media; gyroscope; picture-in-picture; web-share\" referrerpolicy=\"strict-origin-when-cross-origin\" allowfullscreen><\/iframe>\n<\/div><\/figure>\n<\/div>\n\n\n\n<div class=\"wp-block-column is-layout-flow wp-block-column-is-layout-flow\"><\/div>\n<\/div>\n","protected":false},"excerpt":{"rendered":"<p>Organisation de la biblioth\u00e8que ! Outils pratiques Outils de rep\u00e9rage Cadre de classement: les types de documents et les sections Signalisation Affiches sur la classification Dewey R\u00f4les Pistes d&rsquo;exploitation&nbsp;(expositions th\u00e9matiques, p\u00e9riode de biblioth\u00e8que) Formations Voir les formations offertes aux parents b\u00e9n\u00e9voles, aux \u00e9l\u00e8ves et aux \u00e9quipes \u00e9coles sous l&rsquo;onglet \u00ab\u00a0Formations\u00ab\u00a0 Comit\u00e9 biblioth\u00e8que Ressources au sujet [&hellip;]<\/p>\n","protected":false},"author":0,"featured_media":1,"parent":0,"menu_order":0,"comment_status":"closed","ping_status":"closed","template":"","meta":{"footnotes":""},"class_list":["post-10761","page","type-page","status-publish","has-post-thumbnail","hentry"],"_links":{"self":[{"href":"https:\/\/cybersavoir4.cssdm.gouv.qc.ca\/bibliotheque\/wp-json\/wp\/v2\/pages\/10761","targetHints":{"allow":["GET"]}}],"collection":[{"href":"https:\/\/cybersavoir4.cssdm.gouv.qc.ca\/bibliotheque\/wp-json\/wp\/v2\/pages"}],"about":[{"href":"https:\/\/cybersavoir4.cssdm.gouv.qc.ca\/bibliotheque\/wp-json\/wp\/v2\/types\/page"}],"replies":[{"embeddable":true,"href":"https:\/\/cybersavoir4.cssdm.gouv.qc.ca\/bibliotheque\/wp-json\/wp\/v2\/comments?post=10761"}],"version-history":[{"count":25,"href":"https:\/\/cybersavoir4.cssdm.gouv.qc.ca\/bibliotheque\/wp-json\/wp\/v2\/pages\/10761\/revisions"}],"predecessor-version":[{"id":13024,"href":"https:\/\/cybersavoir4.cssdm.gouv.qc.ca\/bibliotheque\/wp-json\/wp\/v2\/pages\/10761\/revisions\/13024"}],"wp:featuredmedia":[{"embeddable":true,"href":"https:\/\/cybersavoir4.cssdm.gouv.qc.ca\/bibliotheque\/wp-json\/"}],"wp:attachment":[{"href":"https:\/\/cybersavoir4.cssdm.gouv.qc.ca\/bibliotheque\/wp-json\/wp\/v2\/media?parent=10761"}],"curies":[{"name":"wp","href":"https:\/\/api.w.org\/{rel}","templated":true}]}}