{"id":10543,"date":"2022-08-31T13:23:42","date_gmt":"2022-08-31T17:23:42","guid":{"rendered":"https:\/\/cybersavoir4.cssdm.gouv.qc.ca\/bibliotheque\/?page_id=10543"},"modified":"2025-12-03T11:26:42","modified_gmt":"2025-12-03T16:26:42","slug":"elagage-inventaire","status":"publish","type":"page","link":"https:\/\/cybersavoir4.cssdm.gouv.qc.ca\/bibliotheque\/elagage-inventaire\/","title":{"rendered":"\u00c9lagage et Inventaire"},"content":{"rendered":"\n<div class=\"wp-block-columns alignwide is-layout-flex wp-container-core-columns-is-layout-1 wp-block-columns-is-layout-flex\">\n<div class=\"wp-block-column is-layout-flow wp-block-column-is-layout-flow\" style=\"flex-basis:100%\">\n<p class=\"is-style-default\"><strong>(TEXTE EN CONSTRUCTION)<\/strong> <\/p>\n\n\n\n<p class=\"has-link-color wp-elements-5d661223085ce0dd446f2e887122e3e7\" style=\"line-height:1.8\">Vous croyez que votre biblioth\u00e8que a besoin d&rsquo;un \u00e9lagage?\u00a0<a href=\"mailto:secteur.biblio@cssdm.gouv.qc.ca\" target=\"_blank\" rel=\"noreferrer noopener\">Contactez un biblioth\u00e9caire<\/a><br>Un biblioth\u00e9caire viendra \u00e0 l&rsquo;\u00e9cole pour proc\u00e9der \u00e0 l&rsquo;\u00e9lagage avec ou sans l&rsquo;aide de parents b\u00e9n\u00e9voles.<\/p>\n\n\n\n<p><strong>Quand?<\/strong> : il est toujours pr\u00e9f\u00e9rable de faire l&rsquo;\u00e9lagage en fin d&rsquo;ann\u00e9e scolaire, une fois tous les livres retourn\u00e9s ou avant l&rsquo;ouverture de la biblioth\u00e8que, en septembre.<\/p>\n\n\n\n<p class=\"has-link-color wp-elements-a2cbc1bddab1f6731c676c429fc05e59\" style=\"line-height:1.8\"><strong>Mat\u00e9riel n\u00e9cessaire&nbsp;<\/strong><\/p>\n\n\n\n<ul class=\"wp-block-list\">\n<li>Bo\u00eetes.&nbsp;Nombre en fonction des besoins de la collection. Le biblioth\u00e9caire pourra r\u00e9pondre \u00e0 cette question.<\/li>\n\n\n\n<li>Marqueur permanent en bon \u00e9tat pour rayer les codes-barres.&nbsp;<em>Attention : toujours rayer les codes-barres du haut vers le bas, dans le sens des lignes.&nbsp;<\/em><\/li>\n<\/ul>\n\n\n\n<p class=\"has-link-color wp-elements-f1fc394e39fda7d9bb62bdab1b8fe810\" style=\"line-height:1.8\"><strong>Livres&nbsp;ab\u00eem\u00e9s<br><\/strong>Les livres peuvent-ils \u00eatre r\u00e9par\u00e9s?&nbsp;<a href=\"https:\/\/cybersavoir4.cssdm.gouv.qc.ca\/bibliotheque\/guide-pour-la-preparation-materielle-et-les-reparations-mineures-de-documents\/\">Consultez nos capsules qui expliquent comment r\u00e9parer les livres<\/a>&nbsp;.&nbsp;Si vous n&rsquo;\u00eates pas certain, contactez le&nbsp;<a href=\"mailto:secteur.biblio@csdm.qc.ca\">secteur des&nbsp;biblioth\u00e8ques<\/a>.<br>Si vous souhaitez \u00e9laguer des livres qui sont tr\u00e8s ab\u00eem\u00e9s, impossibles \u00e0 r\u00e9parer, voici la proc\u00e9dure :<\/p>\n\n\n\n<ul class=\"wp-block-list\">\n<li>ouvrir un fichier bloc-note et l&rsquo;enregistrer au nom de l&rsquo;\u00e9cole en mentionnant aussi \u00ab\u00a0elagage\u00a0\u00bb dans le titre du fichier;<\/li>\n\n\n\n<li>lire \u00e0 l&rsquo;aide d&rsquo;un lecteur optique (zapette, scanner) le code&nbsp;z\u00e9br\u00e9 du livre (\u00e9tiquette blanche pos\u00e9e sur la page couverture du livre avec le nom de l&rsquo;\u00e9cole inscrit au-dessus);<\/li>\n\n\n\n<li class=\"has-link-color wp-elements-5975ba9d2306fb072197d8259d4beb65\">enregistrer le fichier et l&rsquo;envoyer \u00e0 l&rsquo;adresse suivante&nbsp;<a href=\"mailto:secteur.biblio@csdm.qc.ca\">secteur.biblio@csdm.qc.ca<\/a>.&nbsp;<em>Ne pas oublier d&rsquo;indiquer le nom de l&rsquo;\u00e9cole lors de l&rsquo;envoi du courriel.&nbsp;<\/em><\/li>\n<\/ul>\n\n\n\n<p><strong>Ressources&nbsp;<\/strong><\/p>\n\n\n\n<ul class=\"wp-block-list\">\n<li class=\"has-link-color wp-elements-8f3bc29feb7f027e279bbab7304497ce\"><em><a href=\"http:\/\/cybersavoir4.cssdm.gouv.qc.ca\/bibliotheque\/wp-content\/uploads\/sites\/2\/2015\/03\/Guide-delagage-en-bref.pdf\" target=\"_blank\" rel=\"noreferrer noopener\">Guide d&rsquo;\u00e9lagage abr\u00e9g\u00e9<\/a><\/em><\/li>\n\n\n\n<li class=\"has-link-color wp-elements-a60ae2c8a41b6021c4de1624e682bf5d\"><em><a href=\"http:\/\/cybersavoir4.cssdm.gouv.qc.ca\/bibliotheque\/wp-content\/uploads\/sites\/2\/2017\/07\/Guide-delagage.pdf\" target=\"_blank\" rel=\"noreferrer noopener\">Guide d&rsquo;\u00e9lagage<\/a><\/em><\/li>\n<\/ul>\n<\/div>\n<\/div>\n\n\n\n<div class=\"wp-block-columns alignwide is-layout-flex wp-container-core-columns-is-layout-2 wp-block-columns-is-layout-flex\">\n<div class=\"wp-block-column is-layout-flow wp-block-column-is-layout-flow\">\n<h2 class=\"wp-block-heading\" style=\"font-size:clamp(0.984rem, 0.984rem + ((1vw - 0.2rem) * 0.809), 1.5rem);\"><strong>\u00c0 quoi sert un \u00e9lagage ?<\/strong><\/h2>\n\n\n\n<p>L\u2019\u00e9lagage est une op\u00e9ration qui consiste \u00e0 examiner les documents, \u00e0 en \u00e9valuer la qualit\u00e9 et la pertinence et \u00e0 retirer ceux qui ne r\u00e9pondent plus aux objectifs de la biblioth\u00e8que, ni aux besoins des usagers.<br><\/p>\n\n\n\n<p>Il permet d&rsquo;offrir une collection dont les informations sont fiables et actualis\u00e9es, de mettre en valeur les ouvrages de qualit\u00e9, dynamiser l\u2019aspect g\u00e9n\u00e9ral de la biblioth\u00e8que, etc. <br><\/p>\n\n\n\n<hr class=\"wp-block-separator has-alpha-channel-opacity is-style-default\" \/>\n\n\n\n<h2 class=\"wp-block-heading\" style=\"font-size:clamp(0.984rem, 0.984rem + ((1vw - 0.2rem) * 0.809), 1.5rem);\"><strong>Comment \u00e7a fonctionne ?<\/strong><\/h2>\n\n\n\n<p>Pour que la collection documentaire d\u2019une \u00e9cole soit toujours pertinente, il est sugg\u00e9r\u00e9 de proc\u00e9der \u00e0 un \u00e9lagage \u00e0 tous les cinq ans (que cet \u00e9lagage se fasse en une seule fois ou par section).<\/p>\n\n\n\n<p>Si vous avez besoin d&rsquo;aide pour faire un \u00e9lagage dans votre biblioth\u00e8que scolaire, vous pouvez  <a href=\"mailto:secteur.biblio@cssdm.gouv.qc.ca\" target=\"_blank\" rel=\"noreferrer noopener\">Contactez un biblioth\u00e9caire<\/a><\/p>\n\n\n\n<hr class=\"wp-block-separator has-alpha-channel-opacity\" \/>\n\n\n\n<h2 class=\"wp-block-heading\" style=\"font-size:clamp(0.984rem, 0.984rem + ((1vw - 0.2rem) * 0.809), 1.5rem);\"><strong>Crit\u00e8res d\u2019\u00e9lagage<\/strong><\/h2>\n\n\n\n<p><strong>Crit\u00e8res mat\u00e9riel<\/strong><\/p>\n\n\n\n<ul class=\"wp-block-list\">\n<li>Document endommag\u00e9 : us\u00e9, sale, infest\u00e9, moisi, bris\u00e9, crayonn\u00e9, avec une odeur d\u00e9sagr\u00e9able ou une reliure ab\u00eem\u00e9e.<\/li>\n\n\n\n<li>Document d\u00e9fra\u00eechi : apparence vieillotte ou d\u00e9su\u00e8te, pages jaunies.<\/li>\n\n\n\n<li>Document n\u00e9cessitant l\u2019utilisation d\u2019une technologie obsol\u00e8te (technologie qui n\u2019est plus accessible \u00e0 l\u2019\u00e9cole\/centre), par exemple, vid\u00e9ocassette.<\/li>\n\n\n\n<li>Document irr\u00e9parable.<\/li>\n\n\n\n<li>Document d\u00e9j\u00e0 pr\u00e9sent dans la collection : les doublons, les triplons, etc. (\u00e0 \u00e9valuer selon le budget d\u2019acquisition, le nombre d\u2019\u00e9l\u00e8ves, l\u2019utilisation de ces titres dans les s\u00e9ries de classe, etc.).<\/li>\n<\/ul>\n\n\n\n<hr class=\"wp-block-separator has-alpha-channel-opacity\" \/>\n\n\n\n<h2 class=\"wp-block-heading\" style=\"font-size:clamp(0.984rem, 0.984rem + ((1vw - 0.2rem) * 0.809), 1.5rem);\"><strong>\u00c0 quoi sert un inventaire ?<\/strong><\/h2>\n\n\n\n<p>L\u2019inventaire est l\u2019activit\u00e9 qui permet le recensement et la localisation exacte des documents de la biblioth\u00e8que \u00e0 un moment pr\u00e9cis. Il permet de corriger d\u2019\u00e9ventuelles erreurs de statut des documents. Il est souhaitable qu\u2019un inventaire ait lieu \u00e0 tous les cinq ans. Pour faire un inventaire, <a href=\"secteur.biblio@cssdm.gouv.qc.ca\" data-type=\"link\" data-id=\"secteur.biblio@cssdm.gouv.qc.ca\">contactez un biblioth\u00e9caire.<\/a><\/p>\n\n\n\n<p><\/p>\n\n\n\n<p style=\"line-height:1.8\"><\/p>\n\n\n\n<ul class=\"wp-block-list\">\n<li>Guide d&rsquo;inventaire (\u00c0 VENIR)<\/li>\n<\/ul>\n<\/div>\n<\/div>\n\n\n\n<p><\/p>\n","protected":false},"excerpt":{"rendered":"<p>(TEXTE EN CONSTRUCTION) Vous croyez que votre biblioth\u00e8que a besoin d&rsquo;un \u00e9lagage?\u00a0Contactez un biblioth\u00e9caireUn biblioth\u00e9caire viendra \u00e0 l&rsquo;\u00e9cole pour proc\u00e9der \u00e0 l&rsquo;\u00e9lagage avec ou sans l&rsquo;aide de parents b\u00e9n\u00e9voles. Quand? : il est toujours pr\u00e9f\u00e9rable de faire l&rsquo;\u00e9lagage en fin d&rsquo;ann\u00e9e scolaire, une fois tous les livres retourn\u00e9s ou avant l&rsquo;ouverture de la biblioth\u00e8que, en [&hellip;]<\/p>\n","protected":false},"author":0,"featured_media":1,"parent":0,"menu_order":0,"comment_status":"closed","ping_status":"closed","template":"","meta":{"footnotes":""},"class_list":["post-10543","page","type-page","status-publish","has-post-thumbnail","hentry"],"_links":{"self":[{"href":"https:\/\/cybersavoir4.cssdm.gouv.qc.ca\/bibliotheque\/wp-json\/wp\/v2\/pages\/10543","targetHints":{"allow":["GET"]}}],"collection":[{"href":"https:\/\/cybersavoir4.cssdm.gouv.qc.ca\/bibliotheque\/wp-json\/wp\/v2\/pages"}],"about":[{"href":"https:\/\/cybersavoir4.cssdm.gouv.qc.ca\/bibliotheque\/wp-json\/wp\/v2\/types\/page"}],"replies":[{"embeddable":true,"href":"https:\/\/cybersavoir4.cssdm.gouv.qc.ca\/bibliotheque\/wp-json\/wp\/v2\/comments?post=10543"}],"version-history":[{"count":23,"href":"https:\/\/cybersavoir4.cssdm.gouv.qc.ca\/bibliotheque\/wp-json\/wp\/v2\/pages\/10543\/revisions"}],"predecessor-version":[{"id":13305,"href":"https:\/\/cybersavoir4.cssdm.gouv.qc.ca\/bibliotheque\/wp-json\/wp\/v2\/pages\/10543\/revisions\/13305"}],"wp:featuredmedia":[{"embeddable":true,"href":"https:\/\/cybersavoir4.cssdm.gouv.qc.ca\/bibliotheque\/wp-json\/"}],"wp:attachment":[{"href":"https:\/\/cybersavoir4.cssdm.gouv.qc.ca\/bibliotheque\/wp-json\/wp\/v2\/media?parent=10543"}],"curies":[{"name":"wp","href":"https:\/\/api.w.org\/{rel}","templated":true}]}}